{"id":33634,"date":"2022-08-21T13:02:41","date_gmt":"2022-08-21T11:02:41","guid":{"rendered":"https:\/\/chamai.be\/?post_type=tribe_events&#038;p=33634"},"modified":"2023-01-12T17:57:25","modified_gmt":"2023-01-12T16:57:25","slug":"formation-en-coaching-nature-novembre-2022-jusqua-juillet-2023","status":"publish","type":"tribe_events","link":"https:\/\/chamai.be\/fr\/event\/formation-en-coaching-nature-novembre-2022-jusqua-juillet-2023\/","title":{"rendered":"Formation longue en Coaching Nature &#8211; Mars 2023 jusqu&rsquo;\u00e0 novembre 2023"},"content":{"rendered":"<div class=\"m8h3af8h l7ghb35v kjdc1dyq kmwttqpk gh25dzvf n3t5jt4f\">\n<p dir=\"auto\">Cette automne, nous lan\u00e7ons notre premi\u00e8re formation longue au Coaching en Nature en fran\u00e7ais chez Chamai pour des coaches et guides, avec Raph\u00e4el de <a class=\"qi72231t nu7423ey n3hqoq4p r86q59rh b3qcqh3k fq87ekyn bdao358l fsf7x5fv rse6dlih s5oniofx m8h3af8h l7ghb35v kjdc1dyq kmwttqpk srn514ro oxkhqvkx rl78xhln nch0832m cr00lzj9 rn8ck1ys s3jn8y49 icdlwmnq cxfqmxzd d1w2l3lo tes86rjd\" tabindex=\"0\" role=\"link\" href=\"https:\/\/www.facebook.com\/LAFORETCOMMECOACH?__cft__[0]=AZVWeR9m4zZ84arvsyB8UV5TdRq6Foh6K-J9jvIsJmY5XbiUtwx7Dj0UZCvzvNEDftjOOurgoGVC8c4Hgl_1Panrsy3zarXwJOS-8XTaCZe8mh7O4lAjcdDwfumoAkKkVCwLdAhcJPmzOZy6vlJKwjpTF4csYOLTac67x7tzGfHtHBSibb022PePzmBucGUedwQ&amp;__tn__=-]K-R\"><span class=\"rse6dlih\">La For\u00eat Comme Coach<\/span><\/a>.<\/p>\n<\/div>\n<div class=\"l7ghb35v kjdc1dyq kmwttqpk gh25dzvf jikcssrz n3t5jt4f\">\n<div dir=\"auto\">\n<p>Durant la formation, vous d\u00e9couvrirez comment la nature renforce votre travail d\u2019accompagnement qu\u2019il soit personnel ou professionnel. Vous d\u00e9velopperez les comp\u00e9tences n\u00e9cessaires pour accompagner, en lien avec la nature, vos clients dans leur processus de d\u00e9veloppement et de gu\u00e9rison. Vous\u00a0percevrez\u00a0comment la nature refl\u00e8te nos processus internes et vous exp\u00e9rimenterez ses pouvoirs curatifs. Vous explorerez les moyens qu\u2019elle offre pour se ressourcer, se recentrer, acqu\u00e9rir une meilleure compr\u00e9hension, trouver des solutions, d\u00e9couvrir de nouvelles perspectives,\u00a0analyser des probl\u00e8mes,\u00a0apaiser\u00a0des \u00e9motions, prendre des d\u00e9cisions, surmonter des obstacles, trouver l\u2019inspiration\u00a0\u2026<\/p>\n<p><strong>L\u2019objectif de la formation<\/strong><\/p>\n<p>Que chaque participant soit en mesure d\u2019int\u00e9grer la nature dans sa fa\u00e7on d\u2019accompagner, de cr\u00e9er ses propres exercices (rituels et pratiques) en fonction des sp\u00e9cificit\u00e9s de son m\u00e9tier, de son domaine et de sa personnalit\u00e9<i>.<\/i><\/p>\n<p><b>A qui s\u2019adresse cette formation<\/b><\/p>\n<p><b>Coachs, th\u00e9rapeutes, psychologues<\/b> et autres m\u00e9tiers de l\u2019accompagnement (enseignants, conseillers d\u2019orientation professionnelle, formateurs,\u2026) qui souhaitent v\u00e9ritablement travailler dans et avec la nature comme \u201cco-accompagnateur\u00a0\u00bb. Ce programme s\u2019adresse aux professionnels qui ont d\u00e9j\u00e0 de l\u2019exp\u00e9rience et de la pratique dans l\u2019accompagnement d\u2019individus ou de groupes et qui souhaitent int\u00e9grer la valeur ajout\u00e9e de la nature dans leur travail actuel. Il ne s\u2019agit pas d\u2019une formation pour apprendre \u00e0 coacher, \u00e0 superviser ou \u00e0 faciliter. Nous supposons que vous avez d\u00e9j\u00e0 acquis les postures et pratiques essentielles de ces m\u00e9tiers. Les personnes ayant une pratique d\u00e9butante ou peu d\u2019exp\u00e9rience en mati\u00e8re de coaching peuvent malgr\u00e9 tout\u00a0 participer s\u2019ils peuvent d\u00e9montrer des acquis de base ou s\u2019ils sont en fin de formation. Un entretien pr\u00e9alable permettra de de regarder si ces \u00e9l\u00e9ments sont suffisamment pr\u00e9sents. Au cours de cette formation, l\u2019accent est mis sur le coaching et l\u2019accompagnement des autres. Si vous souhaitez vous familiariser avec cette m\u00e9thode en l\u2019appliquant sur vous, nous vous recommandons de participer \u00e0 une autre de nos activit\u00e9s ou \u00e0 faire quelques sessions de coaching individuel en for\u00eat.<\/p>\n<p><strong>Le nombre maximum de participants accept\u00e9s pour cette formation est de 12 personnes.<\/strong><\/p>\n<p><b>Contenu de la formation<\/b><\/p>\n<ul>\n<li aria-level=\"1\">Pratiques et rituels de connexion \u00e0 la nature<\/li>\n<li aria-level=\"1\">Principes fondamentaux de l\u2019accompagnement dans et avec la nature<\/li>\n<li aria-level=\"1\">Outils et pratiques pour accompagner dans et avec la nature<\/li>\n<li aria-level=\"1\">Mod\u00e8les d&rsquo;accompagnement: La Roue des Quatres Directions, la Spirale du Travail qui Relie,..<\/li>\n<li aria-level=\"1\">Int\u00e9gration des outils et pratiques dans votre mode\/m\u00e9thode de travail ou votre m\u00e9tier actuel.<\/li>\n<li aria-level=\"1\">Cr\u00e9ation de votre propre approche inspir\u00e9e de toutes les pratiques qui ont \u00e9t\u00e9 vues durant la formation.<\/li>\n<\/ul>\n<p><b>P\u00e9dagogie<\/b><\/p>\n<ul>\n<li aria-level=\"1\">Un entretien en amont de la formation.<\/li>\n<li aria-level=\"1\">75% d\u2019exp\u00e9rientiel combin\u00e9 avec des moments de d\u00e9briefing et de partage.<\/li>\n<li>Vous apprenez, en vous connectant \u00e0 la nature, en suivant son flux naturel.<\/li>\n<li aria-level=\"1\">Acqu\u00e9rir un certain nombre de pratiques de base avec lesquelles vous pouvez d\u00e9velopper vos propres pratiques.<\/li>\n<li aria-level=\"1\">Supervision \u00e0 mi et en fin de formation.<\/li>\n<li aria-level=\"1\">Groupe de pairs durant la formation.<\/li>\n<li aria-level=\"1\">Plateforme d\u2019informations partag\u00e9es \u2013 vid\u00e9os \u2013 livres -articles \u2013 fiches pratiques. <b> <\/b><\/li>\n<\/ul>\n<p><b>Dates: 4 modules de formation<\/b><\/p>\n<ul>\n<li>Module 1: 10 au 12 mars 2023<\/li>\n<li>Module 2: 2 au 4 juin 2023<\/li>\n<li>Module 3: 15 au 18 juillet 2023<\/li>\n<li>Module 4: 3 au 5\u00a0novembre 2023<\/li>\n<\/ul>\n<\/div>\n<p><b>H\u00e9bergement pendant la formation<\/b><b><\/b><\/p>\n<p><span style=\"font-weight: 400;\">Vous s\u00e9journerez dans l&rsquo;Ancien Presbyt\u00e8re de Chamai, dans le petit village de Hodister, pr\u00e8s de la vall\u00e9e de l&rsquo;Ourthe, dans les Ardennes belges.<\/span> <span style=\"font-weight: 400;\">Les nuit\u00e9es et les repas seront organis\u00e9s dans\u00a0 la Maison de la Terre et l&rsquo;Ancien Presbyt\u00e8re de Chamai. Chamai a \u00e9t\u00e9 cr\u00e9\u00e9 par Sophie il y a quelques ann\u00e9es dans le lieu d\u2019habitation de ses anc\u00eatres, qui proviennent de la r\u00e9gion. Elle vous guidera aussi \u00e0 travers les for\u00eats pendant la formation.<\/span> <span style=\"font-weight: 400;\">Chamai est situ\u00e9 dans la zone bois\u00e9e des Ardennes belges, au centre du petit village de Hodister. Le village compte une centaine d&rsquo;habitants, il n&rsquo;y a pas de magasins ou de restaurants. En moins de cinq minutes, on se trouve dans les bois. Hodister est situ\u00e9 juste au-dessus de la vall\u00e9e de l&rsquo;Ourthe, avec La Roche et Hotton \u00e0 proximit\u00e9. <\/span> <span style=\"font-weight: 400;\">L&rsquo;Ourthe elle-m\u00eame est \u00e0 40 minutes de marche de la maison. Il y a de nombreux endroits naturels magnifiques dans les environs. Saint Thibault surplombe l&rsquo;Ourthe, W\u00e9ris avec ses anciens dolmens et menhirs, le site celtique du Chesl\u00e9 et le majestueux Herou avec ses vieilles roches de schiste.<\/span><\/p>\n<p><b>Flux des nos jours ensembles<\/b><\/p>\n<p><span style=\"font-weight: 400;\">Nous commen\u00e7ons chaque journ\u00e9e par un petit-d\u00e9jeuner et une m\u00e9ditation en communaut\u00e9. Pendant le petit-d\u00e9jeuner, nous pr\u00e9parerons un pique-nique, afin de pouvoir \u00eatre dans la nature la plus grande partie de la journ\u00e9e. Chaque jour, nous nous rendrons dans diff\u00e9rentes zones sauvages de la localit\u00e9 pour approfondir notre travail ensemble.<\/span> <span style=\"font-weight: 400;\">Nous travaillons \u00e0 l&rsquo;ext\u00e9rieur autant que possible, mais lorsque le temps est mauvais ou trop froid, nous travaillons \u00e0 l&rsquo;int\u00e9rieur. <\/span><strong><span style=\"font-weight: 400;\"> En tant que petite communaut\u00e9, chacun d\u2019entre nous aidera r\u00e9guli\u00e8rement dans la cuisine pour la pr\u00e9paration des l\u00e9gumes et la vaisselle apr\u00e8s le repas. Les plats seront pr\u00e9par\u00e9s avec des l\u00e9gumes biologiques provenant du jardin et des agriculteurs locaux. Nous cuisinerons des plats v\u00e9g\u00e9tariens pour vous avec quelques options suppl\u00e9mentaires non-v\u00e9g\u00e9tariennes. Du th\u00e9 et quelques snacks (fruits, noix) sont fournis pendant la journ\u00e9e.<\/span><\/strong><\/p>\n<p><strong>Les formateurs<\/strong><\/p>\n<p><img loading=\"lazy\" decoding=\"async\" class=\"alignnone wp-image-33681\" src=\"https:\/\/chamai.be\/wp-content\/uploads\/2022\/08\/unnamed-14.jpg\" alt=\"\" width=\"221\" height=\"255\" srcset=\"https:\/\/chamai.be\/wp-content\/uploads\/2022\/08\/unnamed-14.jpg 352w, https:\/\/chamai.be\/wp-content\/uploads\/2022\/08\/unnamed-14-259x300.jpg 259w\" sizes=\"(max-width: 221px) 100vw, 221px\" \/><\/p>\n<p><strong>Raphael Rozenberg<\/strong><\/p>\n<p><span style=\"font-weight: 400;\">Empathique &#8211; Engag\u00e9 &#8211; Cr\u00e9atif &#8211; Fiable &#8211; Orient\u00e9 action, cela fait plus de 25 ans que je coache. Si la forme, les outils et ma posture ont \u00e9volu\u00e9, je n&rsquo;ai plus cess\u00e9, depuis, d&rsquo;accompagner des hommes, des femmes, des \u00e9quipes dans leur d\u00e9veloppement.<\/span> <span style=\"font-weight: 400;\">Contribuer \u00e0 l\u2019\u00e9panouissement personnel et professionnel de chaque homme et femme qui souhaite s&rsquo;engager sur ce chemin est ma raison d&rsquo;\u00eatre. Depuis quelque temps, j\u2019exerce \u00e9galement mes activit\u00e9s \u00e0 l&rsquo;ext\u00e9rieur et plus sp\u00e9cifiquement en for\u00eat. J&rsquo;ai pris conscience que par le biais d&rsquo;une connexion d\u00e9licate \u00e0 la for\u00eat, les effets d&rsquo;un accompagnement individuel ou collectif sont d\u00e9multipli\u00e9s. <\/span> <span style=\"font-weight: 400;\">Je suis praticien en sylvoth\u00e9rapie et me forme de mani\u00e8re continue en \u00e9copsychologie profonde. Je suis co-fondateur du collectif Esprit Cabane dont la mission est d&rsquo;offrir aux collaborateurs des entreprises une parenth\u00e8se, un espace- temps en for\u00eat afin d&rsquo;am\u00e9liorer leur bien-\u00eatre et de leur r\u00e9apprendre les bases d&rsquo;un fonctionnement collectif simple, bienveillant et efficace. Je suis \u00e9galement un membre actif de la f\u00e9d\u00e9ration francophone des guides Shinrin-Yoku \u00ab\u00a0En chemin vers\u201d.<\/span><\/p>\n<p><span style=\"color: #993366;\"><a style=\"color: #993366;\" href=\"http:\/\/www.raphaelrozenberg.be\/\">www.raphaelrozenberg.be<\/a><\/span><br \/>\n<span style=\"color: #993366;\"><a style=\"color: #993366;\" href=\"http:\/\/www.facebook.com\/LAFORETCOMMECOACH\">www.facebook.com\/LAFORETCOMMECOACH<\/a><\/span><\/p>\n<p><img loading=\"lazy\" decoding=\"async\" class=\"alignnone wp-image-30764\" src=\"https:\/\/chamai.be\/wp-content\/uploads\/2021\/02\/DSC05607-2-768x1024.jpg\" alt=\"\" width=\"207\" height=\"275\" \/><\/p>\n<p><strong>Sophie Vandenkerchove<\/strong><\/p>\n<p><span style=\"font-weight: 400;\">Sophie est une amoureuse de la nature \u00e0 l\u2019int\u00e9rieure et l\u2019ext\u00e9rieure. Elle a suivi une formation de guide de rites de passage au School of Lost Borders en Californie. Elle est praticienne de m\u00e9ditation Zen dans la tradition cor\u00e9enne depuis plusieurs ann\u00e9es et apprentie depuis quatres ann\u00e9es dans le druidisme et le chamanisme celtique de nos contr\u00e9es. Bas\u00e9e dans la psychologie \u00e9cologique, Sophie apporte son travail d&rsquo;une fa\u00e7on exp\u00e9rientielle et d\u2019une connexion profonde et intuitive avec la nature.\u00a0<\/span> <span style=\"font-weight: 400;\">Sophie a grandi dans les for\u00eats des Ardennes belges, o\u00f9 elle a nourri d\u00e8s son enfance une forte connexion avec la terre de ses anc\u00eatres. Apr\u00e8s avoir parcouru des endroits sauvages dans les villes, elle est revenue dans son village avec l\u2019intention d&rsquo;offrir sa vie au bien-\u00eatre et \u00e0 la gu\u00e9rison de la terre de ses anc\u00eatres. C&rsquo;est ainsi que Chamai a vu le jour: un centre de formation dans la nature des Ardennes belges, o\u00f9 Sophie propose des ateliers r\u00e9sidentiels et des retraites avec et dans la nature et o\u00f9 elle re\u00e7oit des groupes externes en formation nature.\u00a0<\/span> <span style=\"font-weight: 400;\">Dans son travail, Sophie combine toujours le pouvoir des c\u00e9r\u00e9monies \u00e0 son amour profond pour la nature et l\u2019humain. Elle est passionn\u00e9e par les p\u00e8lerinages, les s\u00e9jours en solitaire dans la nature, les retraites silencieuses, la cueillette des plantes sauvages &#8211; toutes les exp\u00e9riences qui r\u00e9unissent un bon \u00e9quilibre d&rsquo;aventure, de pr\u00e9sence et la nature.<\/span><\/p>\n<p><span style=\"color: #993366;\"><a style=\"color: #993366;\" href=\"http:\/\/www.chamai.be\/\"><span style=\"font-weight: 400;\">www.chamai.be<\/span> <\/a><\/span><\/p>\n<p><a href=\"http:\/\/www.facebook.com\/chamaicentre\"><span style=\"font-weight: 400;\"><span style=\"color: #993366;\">www.facebook.com\/chamaicentre<\/span><\/span><\/a><\/p>\n<p><strong>Inscriptions<\/strong><\/p>\n<\/div>\n<div class=\"l7ghb35v kjdc1dyq kmwttqpk gh25dzvf jikcssrz n3t5jt4f\">\n<div dir=\"auto\">\n<p>Si vous aimeriez en apprendre plus sur la formation, nous organisons un atelier de d\u00e9couverte le 6 novembre de 10:00 \u00e0 13:00 dans les environs de Namur, o\u00f9 on d\u00e9couvira quelques approches de coaching qui sont aussi utilis\u00e9 dans la formation.<\/p>\n<p>Si vous ne pouvez pas \u00eatre pr\u00e9sent, n&rsquo;h\u00e9sitez pas de nous envoyer un mail avec votre int\u00e9r\u00eat dans la formation.<strong style=\"font-size: 14px;\"><span style=\"font-size: 14px;\"><span style=\"font-size: 14px;\"><span style=\"font-size: 14px;\">\u00a0<\/span><\/span><\/span><\/strong><\/p>\n<\/div>\n<\/div>\n<div class=\"l7ghb35v kjdc1dyq kmwttqpk gh25dzvf jikcssrz n3t5jt4f\">\n<div dir=\"auto\">\n<p>L&rsquo;inscription pour les sessions d&rsquo;info s&rsquo;organise via <a href=\"https:\/\/forms.gle\/V9Whz5pY9gSHq5UX7\">ce formulaire<\/a>. Inscriptions pour la formation longue s&rsquo;organisent par chamaicentre@gmail.com<\/p>\n<p>Au plaisir de vous y rencontrer!<br \/>\nSophie &amp; Rapha\u00ebl<\/p>\n<\/div>\n<\/div>\n","protected":false},"excerpt":{"rendered":"<p>Cette automne, nous lan\u00e7ons notre premi\u00e8re formation longue au Coaching en Nature en fran\u00e7ais chez Chamai pour des coaches et guides, avec Raph\u00e4el de La For\u00eat Comme Coach. Durant la [&hellip;]<\/p>\n","protected":false},"author":2,"featured_media":33635,"comment_status":"closed","ping_status":"closed","template":"","meta":{"_et_pb_use_builder":"off","_et_pb_old_content":"","_et_gb_content_width":"","_tribe_events_status":"","_tribe_events_status_reason":"","footnotes":""},"tags":[],"tribe_events_cat":[],"_links":{"self":[{"href":"https:\/\/chamai.be\/fr\/wp-json\/wp\/v2\/tribe_events\/33634"}],"collection":[{"href":"https:\/\/chamai.be\/fr\/wp-json\/wp\/v2\/tribe_events"}],"about":[{"href":"https:\/\/chamai.be\/fr\/wp-json\/wp\/v2\/types\/tribe_events"}],"author":[{"embeddable":true,"href":"https:\/\/chamai.be\/fr\/wp-json\/wp\/v2\/users\/2"}],"replies":[{"embeddable":true,"href":"https:\/\/chamai.be\/fr\/wp-json\/wp\/v2\/comments?post=33634"}],"version-history":[{"count":17,"href":"https:\/\/chamai.be\/fr\/wp-json\/wp\/v2\/tribe_events\/33634\/revisions"}],"predecessor-version":[{"id":33924,"href":"https:\/\/chamai.be\/fr\/wp-json\/wp\/v2\/tribe_events\/33634\/revisions\/33924"}],"wp:featuredmedia":[{"embeddable":true,"href":"https:\/\/chamai.be\/fr\/wp-json\/wp\/v2\/media\/33635"}],"wp:attachment":[{"href":"https:\/\/chamai.be\/fr\/wp-json\/wp\/v2\/media?parent=33634"}],"wp:term":[{"taxonomy":"post_tag","embeddable":true,"href":"https:\/\/chamai.be\/fr\/wp-json\/wp\/v2\/tags?post=33634"},{"taxonomy":"tribe_events_cat","embeddable":true,"href":"https:\/\/chamai.be\/fr\/wp-json\/wp\/v2\/tribe_events_cat?post=33634"}],"curies":[{"name":"wp","href":"https:\/\/api.w.org\/{rel}","templated":true}]}}